{"id":9,"date":"2026-04-27T20:05:37","date_gmt":"2026-04-27T17:05:37","guid":{"rendered":"https:\/\/lammolla-niina.fi\/?page_id=9"},"modified":"2026-04-27T22:09:39","modified_gmt":"2026-04-27T19:09:39","slug":"tervetuloa-rentoutumaan","status":"publish","type":"page","link":"https:\/\/lammolla-niina.fi\/","title":{"rendered":"Tervetuloa rentoutumaan!"},"content":{"rendered":"\n<div class=\"wp-block-cover\" style=\"min-height:220px;aspect-ratio:unset;\"><img loading=\"lazy\" decoding=\"async\" width=\"1024\" height=\"289\" class=\"wp-block-cover__image-background wp-image-41 size-large\" alt=\"\" src=\"https:\/\/lammolla-niina.fi\/wp-content\/uploads\/2026\/04\/Kuvabanneri_vihrea_edited-1024x289.png\" data-object-fit=\"cover\" srcset=\"https:\/\/lammolla-niina.fi\/wp-content\/uploads\/2026\/04\/Kuvabanneri_vihrea_edited-1024x289.png 1024w, https:\/\/lammolla-niina.fi\/wp-content\/uploads\/2026\/04\/Kuvabanneri_vihrea_edited-300x85.png 300w, https:\/\/lammolla-niina.fi\/wp-content\/uploads\/2026\/04\/Kuvabanneri_vihrea_edited-768x216.png 768w, https:\/\/lammolla-niina.fi\/wp-content\/uploads\/2026\/04\/Kuvabanneri_vihrea_edited.png 1107w\" sizes=\"auto, (max-width: 1024px) 100vw, 1024px\" \/><span aria-hidden=\"true\" class=\"wp-block-cover__background has-background-dim-40 has-background-dim\"><\/span><div class=\"wp-block-cover__inner-container has-global-padding is-layout-constrained wp-block-cover-is-layout-constrained\">\n<div class=\"wp-block-columns is-layout-flex wp-container-core-columns-is-layout-28f84493 wp-block-columns-is-layout-flex\">\n<div class=\"wp-block-column is-layout-flow wp-block-column-is-layout-flow\" style=\"flex-basis:33.33%\">\n<figure class=\"wp-block-image size-large\"><img loading=\"lazy\" decoding=\"async\" width=\"1024\" height=\"1024\" src=\"https:\/\/lammolla-niina.fi\/wp-content\/uploads\/2026\/04\/Logo_Valkoinen-lapinakyvalla-taustalla-1024x1024.png\" alt=\"\" class=\"wp-image-13\"\/><\/figure>\n<\/div>\n\n\n\n<div class=\"wp-block-column is-layout-flow wp-block-column-is-layout-flow\" style=\"flex-basis:66.66%\">\n<p class=\"has-small-font-size\"><strong>Tervetuloa tunnelmalliseen hoitohuoneeseeni kokemaan hetki omaa rauhaa ja rentoutumista Palokkaj\u00e4rven rantamaisemissa. <\/strong><\/p>\n\n\n\n<p class=\"has-small-font-size\"><strong>Olen apunasi, kun olosi on kuormittunut tai turvaton, tai kun kehosi ja mielesi kaipaavat toisen ihmisen turvallista kosketusta ja l\u00e4sn\u00e4oloa.<\/strong><\/p>\n<\/div>\n<\/div>\n<\/div><\/div>\n\n\n\n<p class=\"has-system-sans-serif-font-family has-small-font-size\">Jokainen meist\u00e4 tarvitsee ja kaipaa toisen ihmisen turvallista ja arvostavaa kosketusta \u2013 ihan vauvasta vaariin. Ihmisten v\u00e4linen luonteva koskettaminen on viime vuosina kuitenkin v\u00e4hentynyt. Halaaminen, selk\u00e4\u00e4n taputtaminen tai jopa k\u00e4ttely voi nyky\u00e4\u00e4n tuntua vieraalta, joskus jopa pelottavalta. Tuntoaisti on ensimm\u00e4isi\u00e4 ja usein my\u00f6s viimeinen toiminnassa oleva aistimme, ja juuri se aisti, joka saa meid\u00e4n parhaiten tuntemaan turvallisuutta silloin, kun kosketus on l\u00e4mmin ja arvostava.<\/p>\n\n\n\n<hr class=\"wp-block-separator has-alpha-channel-opacity is-style-wide\"\/>\n\n\n<nav class=\"is-responsive items-justified-center wp-block-navigation is-content-justification-center is-layout-flex wp-container-core-navigation-is-layout-a89b3969 wp-block-navigation-is-layout-flex\" aria-label=\"Navigaatio\" \n\t\t data-wp-interactive=\"core\/navigation\" data-wp-context='{\"overlayOpenedBy\":{\"click\":false,\"hover\":false,\"focus\":false},\"type\":\"overlay\",\"roleAttribute\":\"\",\"ariaLabel\":\"Valikko\"}'><button aria-haspopup=\"dialog\" aria-label=\"Avaa valikko\" class=\"wp-block-navigation__responsive-container-open\" \n\t\t\t\tdata-wp-on--click=\"actions.openMenuOnClick\"\n\t\t\t\tdata-wp-on--keydown=\"actions.handleMenuKeydown\"\n\t\t\t><svg width=\"24\" height=\"24\" xmlns=\"http:\/\/www.w3.org\/2000\/svg\" viewBox=\"0 0 24 24\" aria-hidden=\"true\" focusable=\"false\"><path d=\"M4 7.5h16v1.5H4z\"><\/path><path d=\"M4 15h16v1.5H4z\"><\/path><\/svg><\/button>\n\t\t\t\t<div class=\"wp-block-navigation__responsive-container\"  id=\"modal-1\" \n\t\t\t\tdata-wp-class--has-modal-open=\"state.isMenuOpen\"\n\t\t\t\tdata-wp-class--is-menu-open=\"state.isMenuOpen\"\n\t\t\t\tdata-wp-watch=\"callbacks.initMenu\"\n\t\t\t\tdata-wp-on--keydown=\"actions.handleMenuKeydown\"\n\t\t\t\tdata-wp-on--focusout=\"actions.handleMenuFocusout\"\n\t\t\t\ttabindex=\"-1\"\n\t\t\t>\n\t\t\t\t\t<div class=\"wp-block-navigation__responsive-close\" tabindex=\"-1\">\n\t\t\t\t\t\t<div class=\"wp-block-navigation__responsive-dialog\" \n\t\t\t\tdata-wp-bind--aria-modal=\"state.ariaModal\"\n\t\t\t\tdata-wp-bind--aria-label=\"state.ariaLabel\"\n\t\t\t\tdata-wp-bind--role=\"state.roleAttribute\"\n\t\t\t>\n\t\t\t\t\t\t\t<button aria-label=\"Sulje valikko\" class=\"wp-block-navigation__responsive-container-close\" \n\t\t\t\tdata-wp-on--click=\"actions.closeMenuOnClick\"\n\t\t\t><svg xmlns=\"http:\/\/www.w3.org\/2000\/svg\" viewBox=\"0 0 24 24\" width=\"24\" height=\"24\" aria-hidden=\"true\" focusable=\"false\"><path d=\"m13.06 12 6.47-6.47-1.06-1.06L12 10.94 5.53 4.47 4.47 5.53 10.94 12l-6.47 6.47 1.06 1.06L12 13.06l6.47 6.47 1.06-1.06L13.06 12Z\"><\/path><\/svg><\/button>\n\t\t\t\t\t\t\t<div class=\"wp-block-navigation__responsive-container-content\" \n\t\t\t\tdata-wp-watch=\"callbacks.focusFirstElement\"\n\t\t\t id=\"modal-1-content\">\n\t\t\t\t\t\t\t\t<ul class=\"wp-block-navigation__container is-responsive items-justified-center wp-block-navigation\"><li class=\" wp-block-navigation-item wp-block-navigation-link\"><a class=\"wp-block-navigation-item__content\"  href=\"#Palvelut\"><span class=\"wp-block-navigation-item__label\">Palvelut<\/span><\/a><\/li><li class=\" wp-block-navigation-item wp-block-navigation-link\"><a class=\"wp-block-navigation-item__content\"  href=\"#Hinnasto\"><span class=\"wp-block-navigation-item__label\">Hinnasto<\/span><\/a><\/li><li class=\" wp-block-navigation-item wp-block-navigation-link\"><a class=\"wp-block-navigation-item__content\"  href=\"#Ajanvaraus-yhteystiedot\"><span class=\"wp-block-navigation-item__label\">Ajanvaraus ja yhteystiedot<\/span><\/a><\/li><li class=\" wp-block-navigation-item wp-block-navigation-link\"><a class=\"wp-block-navigation-item__content\"  href=\"#Hoitoon-saapuvalle\"><span class=\"wp-block-navigation-item__label\">Hoitoon saapuvalle<\/span><\/a><\/li><li class=\" wp-block-navigation-item wp-block-navigation-link\"><a class=\"wp-block-navigation-item__content\"  href=\"#Yritykseni\"><span class=\"wp-block-navigation-item__label\">Yritykseni<\/span><\/a><\/li><\/ul>\n\t\t\t\t\t\t\t<\/div>\n\t\t\t\t\t\t<\/div>\n\t\t\t\t\t<\/div>\n\t\t\t\t<\/div><\/nav>\n\n\n<hr class=\"wp-block-separator has-alpha-channel-opacity is-style-wide\"\/>\n\n\n\n<h3 class=\"wp-block-heading has-accent-3-color has-text-color has-link-color has-body-font-family wp-elements-a63e0239d9be30d0df0e9e634e70f69d\" id=\"Palvelut\">Palvelut<\/h3>\n\n\n\n<h4 class=\"wp-block-heading has-body-font-family\">AUVO\u00ae-hoidot<\/h4>\n\n\n\n<p class=\"has-system-sans-serif-font-family has-small-font-size\" style=\"line-height:1.3\">AUVO\u00ae-hoidot ovat ainutlaatuisia, Suomessa kehitettyj\u00e4 hoitoja, joissa musiikki ja kosketus sulautuvat toisiinsa rauhoittaen koko olemuksen. Hoito on t\u00e4ysin omaa aikaasi, sill\u00e4 hoidon aikana ei keskustella, voit vain olla ja nauttia. Hoito mahdollistaa kehon, mielen ja hermoston rentoutumisen, joka jatkuu viel\u00e4 hoidon j\u00e4lkeenkin. Sit\u00e4 on vaikea selitt\u00e4\u00e4 \u2013 se pit\u00e4\u00e4 kokea.<\/p>\n\n\n\n<p class=\"has-system-sans-serif-font-family has-small-font-size\" style=\"line-height:1.3\">Hoitoon sis\u00e4ltyy erilaisia <em>sivelevi\u00e4, py\u00f6ritt\u00e4vi\u00e4<\/em> ja <em>painaltavia<\/em> otteita, jotka liitettyn\u00e4 musiikkiin auttavat mielt\u00e4 ja kehoa rauhoittumaan. Auvo\u00ae-hoidoissa ei tarvitse riisuuntua, hoito tehd\u00e4\u00e4n hoitop\u00f6yd\u00e4ll\u00e4 tai -tuolissa ohuissa p\u00e4iv\u00e4vaatteissa. Hoidon vaikutus on rentouttava ja moni sanoo hoidon j\u00e4lkeen mm. nukkuneensa paremmin. Hoito sopii kaikille &#8211; niin pienille lapsille kuin hauraille vanhuksille. My\u00f6s raskaana oleva voi tulla hoitoon. Lempeist\u00e4 otteista ei ole vaaraa terveydelle.<\/p>\n\n\n\n<h5 class=\"wp-block-heading is-style-default has-body-font-family\">AUVO\u00ae-perheeseen kuuluu kolme erilaista hoitoa<\/h5>\n\n\n\n<div class=\"wp-block-columns is-layout-flex wp-container-core-columns-is-layout-28f84493 wp-block-columns-is-layout-flex\">\n<div class=\"wp-block-column is-layout-flow wp-block-column-is-layout-flow\">\n<figure class=\"wp-block-image size-full\"><img loading=\"lazy\" decoding=\"async\" width=\"1386\" height=\"925\" src=\"https:\/\/lammolla-niina.fi\/wp-content\/uploads\/2026\/04\/Auvo_edited.jpg\" alt=\"\" class=\"wp-image-42\" srcset=\"https:\/\/lammolla-niina.fi\/wp-content\/uploads\/2026\/04\/Auvo_edited.jpg 1386w, https:\/\/lammolla-niina.fi\/wp-content\/uploads\/2026\/04\/Auvo_edited-300x200.jpg 300w, https:\/\/lammolla-niina.fi\/wp-content\/uploads\/2026\/04\/Auvo_edited-1024x683.jpg 1024w, https:\/\/lammolla-niina.fi\/wp-content\/uploads\/2026\/04\/Auvo_edited-768x513.jpg 768w\" sizes=\"auto, (max-width: 1386px) 100vw, 1386px\" \/><\/figure>\n\n\n\n<p class=\"has-system-sans-serif-font-family has-small-font-size\"><strong>AUVO\u00ae-hoito<\/strong> on kosketushoitoa, joka rentouttaa ja virkist\u00e4\u00e4. Se auttaa pys\u00e4htym\u00e4\u00e4n ja rentoutumaan tasapainottaen sek\u00e4 kehoa ett\u00e4 mielt\u00e4. Hoidossa k\u00e4sitell\u00e4\u00e4n niska-hartia seutua, kasvoja ja hiuspohjaa sek\u00e4 k\u00e4det ja jalat polvesta alasp\u00e4in. Hoidon kesto on 25 minuuttia.<\/p>\n<\/div>\n\n\n\n<div class=\"wp-block-column is-layout-flow wp-block-column-is-layout-flow\">\n<figure class=\"wp-block-image size-full\"><img loading=\"lazy\" decoding=\"async\" width=\"495\" height=\"330\" src=\"https:\/\/lammolla-niina.fi\/wp-content\/uploads\/2026\/04\/Snap_edited.jpg\" alt=\"\" class=\"wp-image-44\" srcset=\"https:\/\/lammolla-niina.fi\/wp-content\/uploads\/2026\/04\/Snap_edited.jpg 495w, https:\/\/lammolla-niina.fi\/wp-content\/uploads\/2026\/04\/Snap_edited-300x200.jpg 300w\" sizes=\"auto, (max-width: 495px) 100vw, 495px\" \/><\/figure>\n\n\n\n<p class=\"has-system-sans-serif-font-family has-small-font-size\"><strong>AUVO\u00aeSnap -hoidossa<\/strong> k\u00e4sitell\u00e4\u00e4n niska-hartia seutua, selk\u00e4\u00e4, k\u00e4sivarsia ja hiuspohjaa. Hoidon kesto on vain 5 minuuttia, mutta teho yll\u00e4tt\u00e4v\u00e4n suuri. Hoito soveltuu yksitt\u00e4isen kerran lis\u00e4ksi mainiosti vaikka tyhy-p\u00e4iv\u00e4n\u00e4 teht\u00e4v\u00e4ksi useammalle henkil\u00f6lle tai lis\u00e4n\u00e4 muille hoidoille.<\/p>\n<\/div>\n\n\n\n<div class=\"wp-block-column is-layout-flow wp-block-column-is-layout-flow\">\n<figure class=\"wp-block-image size-large\"><img loading=\"lazy\" decoding=\"async\" width=\"1024\" height=\"681\" src=\"https:\/\/lammolla-niina.fi\/wp-content\/uploads\/2026\/04\/brain_edited-1024x681.jpg\" alt=\"\" class=\"wp-image-43\" srcset=\"https:\/\/lammolla-niina.fi\/wp-content\/uploads\/2026\/04\/brain_edited-1024x681.jpg 1024w, https:\/\/lammolla-niina.fi\/wp-content\/uploads\/2026\/04\/brain_edited-300x200.jpg 300w, https:\/\/lammolla-niina.fi\/wp-content\/uploads\/2026\/04\/brain_edited-768x511.jpg 768w, https:\/\/lammolla-niina.fi\/wp-content\/uploads\/2026\/04\/brain_edited-1536x1022.jpg 1536w, https:\/\/lammolla-niina.fi\/wp-content\/uploads\/2026\/04\/brain_edited.jpg 1704w\" sizes=\"auto, (max-width: 1024px) 100vw, 1024px\" \/><\/figure>\n\n\n\n<p class=\"has-system-sans-serif-font-family has-small-font-size\"><strong>AUVO\u00aeBrain Relief -hoito<\/strong> on AUVO\u00ae-hoitoa pidempi ja sen tavoitteena on syv\u00e4rentoutuminen. Se tasapainottaa hermoston toimintaa ja tukee kehon omia palautumisen ja parantumisen mekanismeja. T\u00e4h\u00e4n hoitoon minulla ei viel\u00e4 ole koulutusta. Voit etsi\u00e4 sopivaa tekij\u00e4\u00e4 hoitajakartaltamme: <a href=\"https:\/\/auvo.fi\/hoitajat\/\">https:\/\/auvo.fi\/hoitajat\/<\/a><\/p>\n<\/div>\n<\/div>\n\n\n\n<h4 class=\"wp-block-heading has-body-font-family\">Energiahoito<\/h4>\n\n\n\n<div class=\"wp-block-columns is-layout-flex wp-container-core-columns-is-layout-28f84493 wp-block-columns-is-layout-flex\">\n<div class=\"wp-block-column is-layout-flow wp-block-column-is-layout-flow\" style=\"flex-basis:33.33%\">\n<figure class=\"wp-block-image size-full is-resized\"><img loading=\"lazy\" decoding=\"async\" width=\"400\" height=\"602\" src=\"https:\/\/lammolla-niina.fi\/wp-content\/uploads\/2026\/04\/Energia_edited-e1777315484406.jpg\" alt=\"\" class=\"wp-image-48\" style=\"aspect-ratio:0.6644719788480481;width:179px;height:auto\"\/><\/figure>\n<\/div>\n\n\n\n<div class=\"wp-block-column is-layout-flow wp-block-column-is-layout-flow\" style=\"flex-basis:66.66%\">\n<p class=\"has-system-sans-serif-font-family has-small-font-size\">Energiahoito perustuu kehon kykyyn parantaa itse itsens\u00e4 silloin, kun kehossa virtaavat energiat p\u00e4\u00e4sev\u00e4t liikkumaan vapaasti kuten niiden kuuluu. El\u00e4m\u00e4n aikana koetut traumat, omien tunteiden k\u00e4sittelem\u00e4tt\u00e4 j\u00e4tt\u00e4minen sek\u00e4 muut stressitilat aiheuttavat kehoomme jumeja ja tukoksia, jotka est\u00e4v\u00e4t energian vapaan virtaamisen ja voivat ajan saatossa aiheuttaa mm. erilaisia virheasentoja ja kiputiloja. N\u00e4it\u00e4 pyrit\u00e4\u00e4n energiahoidossa vapauttamaan. Hoitotulokset ovat hyvin yksil\u00f6llisi\u00e4.<\/p>\n\n\n\n<p class=\"has-system-sans-serif-font-family has-small-font-size\">Opiskelen energiahoitoa Suomen Energiahoitajien opein. <strong>BodyMind Energy Balancing Method <\/strong>on Suomessa kehitetty hoitomenetelm\u00e4, joka yhdist\u00e4\u00e4 ja soveltaa lukuisten muiden eri energiahoitojen oppeja. <\/p>\n<\/div>\n<\/div>\n\n\n\n<p class=\"has-system-sans-serif-font-family has-small-font-size\">Tavoitteena on autonomisen, eli tiedostamattoman hermoston tasapainottaminen, joka puolestaan vaikuttaa \u201ckaikkiin\u201d kehon toimintoihin. Koulutukseen kuuluu eri tasoja, joista teen nyt ensimm\u00e4ist\u00e4, eli fyysisen kehon hoitoon keskittyv\u00e4\u00e4 harjoitteluvaihetta.<\/p>\n\n\n\n<hr class=\"wp-block-separator has-alpha-channel-opacity is-style-wide\"\/>\n\n\n\n<h3 class=\"wp-block-heading has-accent-3-color has-text-color has-link-color has-body-font-family wp-elements-6d8b318609222ecdb658bf39f70fd2e0\" id=\"Hinnasto\">Hinnasto<\/h3>\n\n\n\n<h4 class=\"wp-block-heading has-body-font-family\">Kertahoidot<\/h4>\n\n\n\n<p class=\"has-system-sans-serif-font-family has-small-font-size\"><strong>AUVO-hoito, 43 \u20ac<\/strong><br>Hoitok\u00e4sittely kest\u00e4\u00e4 25 min, mutta varaan sinulle 40 min aikaa. Hoito tehd\u00e4\u00e4n hoitop\u00f6yd\u00e4ll\u00e4.<\/p>\n\n\n\n<p class=\"has-system-sans-serif-font-family has-small-font-size\"><strong>AUVO Snap -hoito, 13\u20ac<\/strong><br>Hoitok\u00e4sittely kest\u00e4\u00e4 5 min, mutta varaan sinulle 15 min aikaa. Hoito tehd\u00e4\u00e4n hoitotuolissa.<\/p>\n\n\n\n<p class=\"has-system-sans-serif-font-family has-small-font-size\"><strong>AUVO-yhdistelm\u00e4hoito, 52\u20ac<\/strong><br>AUVO-yhdistelm\u00e4hoidossa tehd\u00e4\u00e4n ensin AUVO Snap ja sen j\u00e4lkeen AUVO-hoito. Aikaa kokonaisuudelle varataan 55 min<\/p>\n\n\n\n<p class=\"has-system-sans-serif-font-family has-small-font-size\"><strong>AUVO-hoito + rauhallinen hetki hoidon j\u00e4lkeen 50\u20ac<\/strong><br>Jos haluat hoidon j\u00e4lkeen istua rauhassa j\u00e4rvimaisemaa katsellen tai hoidon mieleen nostamista asioista keskustellen, varataan sinulle 60 min aikaa.<\/p>\n\n\n\n<p class=\"has-system-sans-serif-font-family has-small-font-size\"><strong>AUVO Snap-hoito + rauhallinen hetki hoidon j\u00e4lkeen, 25\u20ac<\/strong><br>Jos haluat hoidon j\u00e4lkeen istua rauhassa j\u00e4rvimaisemaa katsellen tai hoidon mieleen nostamista asioista keskustellen, varataan sinulle 30 min aikaa.<\/p>\n\n\n\n<h4 class=\"wp-block-heading has-body-font-family\">Sarjahoidot<\/h4>\n\n\n\n<p class=\"has-system-sans-serif-font-family has-small-font-size\">Sarjakortit ovat voimassa 3kk ensimm\u00e4isest\u00e4 k\u00e4ytt\u00f6kerrasta.<\/p>\n\n\n\n<p class=\"has-system-sans-serif-font-family has-small-font-size\"><strong>AUVO -sarjahoidot<\/strong>: 3 kertaa 116 \u20ac (alennus 10 %), 5 kertaa 185 \u20ac (alennus n 14 %)<br>AUVO-hoidon teho on suurempi, kun k\u00e4yt hoidossa esim. 1-2 viikon v\u00e4lein.&nbsp;<\/p>\n\n\n\n<p class=\"has-system-sans-serif-font-family has-small-font-size\"><strong>Fyysisen kehon energiahoito<\/strong>: 38 \u20ac\/kerta, 110 \u20ac\/3 kertaa tai 175 \u20ac\/5 kertaa (harjoitushoidon hinta) BodyMind Energy Balancing -hoitok\u00e4yntiin varataan aikaa 60 min. Paras tulos saavutetaan tiheill\u00e4 sarjahoidoilla, k\u00e4ynnit 3-7 p\u00e4iv\u00e4n v\u00e4lein ja sitten pidempi tauko. Olen 1. tason harjoittelija ja teen t\u00e4ss\u00e4 vaiheessa fyysiseen kehoon kohdistuvaa hoitoa.<\/p>\n\n\n\n<hr class=\"wp-block-separator has-alpha-channel-opacity is-style-wide\"\/>\n\n\n\n<h3 class=\"wp-block-heading has-accent-3-color has-text-color has-link-color has-body-font-family wp-elements-1bc177db330d361d774adb5118e3f186\" id=\"Ajanvaraus-yhteystiedot\">Ajanvaraus, yhteystiedot ja saapumisohjeet<\/h3>\n\n\n\n<h4 class=\"wp-block-heading has-body-font-family\">Ajanvaraus<\/h4>\n\n\n\n<p class=\"has-system-sans-serif-font-family has-small-font-size\">Olen p\u00e4iv\u00e4ty\u00f6ss\u00e4 muualla ja teen hoitoja l\u00e4hinn\u00e4 arki-iltaisin, klo 17-19, sek\u00e4 lauantaisin klo 9-18. Ajan varaamiseksi <strong>ota yhteytt\u00e4 tekstiviestill\u00e4, Whatsappilla tai s\u00e4hk\u00f6postilla. Voit toki my\u00f6s soittaa<\/strong>, mutta en v\u00e4ltt\u00e4m\u00e4tt\u00e4 pysty vastaamaan puheluun ty\u00f6p\u00e4iv\u00e4n tai hoidon aikana. J\u00e4t\u00e4 silloin tekstiviestill\u00e4 soittopyynt\u00f6, niin soitan takaisin.<\/p>\n\n\n\n<h4 class=\"wp-block-heading has-body-font-family\">Yhteystiedot<\/h4>\n\n\n\n<ul class=\"wp-block-list\">\n<li class=\"has-system-sans-serif-font-family has-small-font-size\">Nimi: L\u00e4mm\u00f6ll\u00e4 \u2013 Niina<\/li>\n\n\n\n<li class=\"has-system-sans-serif-font-family has-small-font-size\"><strong>Osoite: Saharisentie 3B, 40270 Palokka<\/strong>&nbsp;<\/li>\n\n\n\n<li class=\"has-system-sans-serif-font-family has-small-font-size\">Puhelin: 045&nbsp;1412013<\/li>\n\n\n\n<li class=\"has-system-sans-serif-font-family has-small-font-size\">S\u00e4hk\u00f6posti: <a href=\"mailto:niina@lammolla-niina.fi\">niina(at)lammolla-niina.fi<\/a><\/li>\n\n\n\n<li class=\"has-system-sans-serif-font-family has-small-font-size\">Kotisivu: <a href=\"http:\/\/www.lammolla-niina.fi\">www.lammolla-niina.fi<\/a><\/li>\n\n\n\n<li class=\"has-system-sans-serif-font-family has-small-font-size\">Y-tunnus: 3597369-7<\/li>\n<\/ul>\n\n\n\n<h4 class=\"wp-block-heading has-body-font-family\">Saapumisohjeet<\/h4>\n\n\n\n<p class=\"has-system-sans-serif-font-family has-small-font-size\">Hoitohuone sijaitsee omakotitalon piharakennuksessa Saharisentie 3B:ss\u00e4. Palokan S-marketin bussipys\u00e4keilt\u00e4 k\u00e4velymatkaa hoitohuoneelle tulee noin 300m. <br><strong>Google Maps:<\/strong> <a href=\"https:\/\/maps.app.goo.gl\/2RuXtSRtFgEML1To7\">https:\/\/maps.app.goo.gl\/2RuXtSRtFgEML1To7<\/a><\/p>\n\n\n\n<p class=\"has-system-sans-serif-font-family has-small-font-size\">Perill\u00e4 Logo-kyltti ohjaa oikeaan rakennukseen. Pihassa on parkkitilaa. Mik\u00e4li pihatien ajoportti on kiinni, portin tolpassa on painike sen aukaisemiseksi. Voit j\u00e4tt\u00e4\u00e4 portin auki.<\/p>\n\n\n\n<p class=\"has-system-sans-serif-font-family has-small-font-size\">Hoitohuoneeseen on noustava yksi porras. Hoitohuoneessa ei toistaiseksi ole WC-tilaa. Pihassa saattaa tulla vastaan utelias, mutta kiltti isovillakoira.<\/p>\n\n\n\n<p class=\"has-system-sans-serif-font-family has-small-font-size\"><\/p>\n\n\n\n<p><\/p>\n\n\n\n<hr class=\"wp-block-separator has-alpha-channel-opacity is-style-wide\"\/>\n\n\n\n<h3 class=\"wp-block-heading has-accent-3-color has-text-color has-body-font-family\" id=\"Hoitoon-saapuvalle\">Ohjeita hoitoon saapuvalle<\/h3>\n\n\n\n<ul class=\"wp-block-list\">\n<li class=\"has-system-sans-serif-font-family has-small-font-size\">Tule aina terveen\u00e4 hoitoon. Esimerkiksi kuume, aktiiviset sy\u00f6p\u00e4hoidot, vahvat psyykel\u00e4\u00e4kkeet ja p\u00e4ihteet ovat este hoidolle.&nbsp;<\/li>\n\n\n\n<li class=\"has-system-sans-serif-font-family has-small-font-size\">Pue hoitoon sis\u00e4vaatteet ja ohuet, puhtaat sukat sek\u00e4 ohuehko paita ilman huppua.<\/li>\n\n\n\n<li class=\"has-system-sans-serif-font-family has-small-font-size\">Tule puhtailla, kuivilla hiuksilla, jotka ovat auki. Hiuspohjan k\u00e4sittely saattaa sekoittaa kampauksen.<\/li>\n\n\n\n<li class=\"has-system-sans-serif-font-family has-small-font-size\">Mahdolliset korut riisutaan tarvittaessa.<\/li>\n\n\n\n<li class=\"has-system-sans-serif-font-family has-small-font-size\">Jotta hoidon aikana ei tule ik\u00e4vi\u00e4 yll\u00e4tyksi\u00e4, selvit\u00e4n aluksi mahdolliset vammat, sairaudet, vaivat ja erityistarpeet, jotka on hyv\u00e4 huomioida hoidon aikana. Esimerkiksi koskemista kivuliaisiin mustelmiin pyrin v\u00e4ltt\u00e4m\u00e4\u00e4n.<\/li>\n\n\n\n<li class=\"has-system-sans-serif-font-family has-small-font-size\">Hoitop\u00f6yd\u00e4n turvallinen painorajoitus on noin 130 kg. Ilmoita aikaa varatessasi, mik\u00e4li painat enemm\u00e4n, niin j\u00e4rjest\u00e4n hoitotilan sen mukaisesti.<\/li>\n\n\n\n<li class=\"has-system-sans-serif-font-family has-small-font-size\">Rauhoita hoidon j\u00e4lkeen loppup\u00e4iv\u00e4 kiireelt\u00e4, stressilt\u00e4 ja kovalta fyysiselt\u00e4 harjoitukselta. Muista juoda vett\u00e4.<\/li>\n<\/ul>\n\n\n\n<hr class=\"wp-block-separator has-alpha-channel-opacity is-style-wide\"\/>\n\n\n\n<h3 class=\"wp-block-heading has-accent-3-color has-text-color has-link-color has-body-font-family wp-elements-ed79747c8eb6ceb3306af261c6cc8968\" id=\"Yritykseni\">Yritykseni lyhyt tarina<\/h3>\n\n\n\n<p class=\"has-system-sans-serif-font-family has-small-font-size\">Ainakin ajallisesti t\u00e4m\u00e4 tarina on viel\u00e4 lyhyt, sill\u00e4 perustin yritykseni kev\u00e4\u00e4ll\u00e4 2026. P\u00e4iv\u00e4ty\u00f6t\u00e4 teen IT-alalla ty\u00f6yhteis\u00f6viestij\u00e4n\u00e4, joten toimin yritt\u00e4j\u00e4n\u00e4 vain sivutoimisesti.<\/p>\n\n\n\n<p class=\"has-system-sans-serif-font-family has-small-font-size\">Miten p\u00e4\u00e4dyin Auvo-hoitajaksi?<br>Olin jo jonkin aikaa kaivannut tietokoneen \u00e4\u00e4rell\u00e4 ty\u00f6skentelyn vastapainoksi jotain k\u00e4sill\u00e4 tekemist\u00e4. Olin my\u00f6s saanut l\u00e4heisilt\u00e4 ihanaa palautetta hoitavista k\u00e4sist\u00e4ni. Kun sitten n\u00e4in mainoksen Auvo\u00ae-kurssista, miss\u00e4 opetetaan tekem\u00e4\u00e4n kosketushoitoa l\u00e4heisille, ilmoittauduin v\u00e4litt\u00f6m\u00e4sti mukaan.&nbsp;<\/p>\n\n\n\n<p class=\"has-system-sans-serif-font-family has-small-font-size\">Tuo kurssip\u00e4iv\u00e4 oli k\u00e4\u00e4nteentekev\u00e4, sill\u00e4 rakastin sek\u00e4 tehd\u00e4 ett\u00e4 vastaanottaa hoitoa. Sain my\u00f6s kurssikavereilta kannustavaa palautetta aloittaa Auvo\u00ae-hoitajan opinnot. Olen joskus hieman yllytyshullu, joten ilmoittauduin koulutukseen ja valmistuin kev\u00e4\u00e4ll\u00e4 2024.&nbsp;<\/p>\n\n\n\n<p class=\"has-system-sans-serif-font-family has-small-font-size\">Minulla ei kuitenkaan ole oikein ollut paikkaa, miss\u00e4 tehd\u00e4 hoitoja, joten vuoden sis\u00e4ll\u00e4 tein niit\u00e4 vain muutamia. Olin kuitenkin itse edelleen vaikuttunut Auvo\u00ae-hoidoista, joten alkuvuodesta 2026 valmistuin ensin Auvo\u00ae Snap -hoitajaksi ja heti seuraavalla viikolla hain itselleni toiminime\u00e4. Nyt olen saanut ihanan hoitohuoneen omaan piharakennukseemme.<\/p>\n\n\n\n<p class=\"has-system-sans-serif-font-family has-small-font-size\">Yritykseni logossa on kolme p\u00e4\u00e4elementti\u00e4:<\/p>\n\n\n\n<ol class=\"wp-block-list\">\n<li class=\"has-system-sans-serif-font-family has-small-font-size\"><strong>K\u00e4det<\/strong><br>Yritykseni toiminta-ajatuksena on tuottaa hyvinvointia mm. kosketushoitojen sek\u00e4 aiheeseen liittyvien, k\u00e4sin valmistettujen lahjatavaroiden kautta. P\u00e4iv\u00e4ty\u00f6ss\u00e4ni olen koko ajan tietokoneen \u00e4\u00e4ress\u00e4, joten halusin sen oheen jotain, miss\u00e4 voin k\u00e4ytt\u00e4\u00e4 k\u00e4si\u00e4ni ja olla iloksi muille.<\/li>\n\n\n\n<li class=\"has-system-sans-serif-font-family has-small-font-size\"><strong>Aurinko \/ kukka<\/strong><br>Olin opiskeluaikoina ty\u00f6harjoittelussa ja sielt\u00e4 pois l\u00e4htiess\u00e4ni sain ty\u00f6kavereilta ihanan kortin, jossa luki: <em>Ole(t) kuin aurinko nouseva, mene ja valloita koko maailma!<\/em> T\u00e4st\u00e4 tuli minulle t\u00e4rke\u00e4 voimalause ja muistutus yritt\u00e4\u00e4 tuottaa ymp\u00e4rilleni l\u00e4mp\u00f6\u00e4, iloa ja valoa. V\u00e4liss\u00e4 on ollut kausia, jolloin aurinko on p\u00e4\u00e4ssyt hieman laskemaan mailleen, mutta nyt toivon sen taas nousevan ja auringon kristallimaisten s\u00e4teiden levitt\u00e4v\u00e4n valoa kaikissa spektrin v\u00e4reiss\u00e4! Logon aurinko on tehty muistuttamaan hieman kukkaa. Se kuvastaa arvoani kohdella asiakasta kuin kukkaa k\u00e4mmenell\u00e4 \u2013 lempe\u00e4sti ja jokaisen yksil\u00f6n ainutlaatuista kauneutta arvostaen.<\/li>\n\n\n\n<li class=\"has-system-sans-serif-font-family has-small-font-size\"><strong>Yrityksen nimi: L\u00e4mm\u00f6ll\u00e4 \u2013 Niina<\/strong><br>Aluksi pohdin, onko nimi liian naiivi. Mutta sellainen min\u00e4 olen \u2013 hieman h\u00f6ps\u00f6 ja lapsenuskoinen, joten nimi sopii minulle. Ajattelen asioista l\u00e4ht\u00f6kohtaisesti aina ensin hyv\u00e4\u00e4 ja olen saanut paljon ihanaa palautetta siit\u00e4, kuinka olen helposti l\u00e4hestytt\u00e4v\u00e4 ja l\u00e4mmin persoona. On my\u00f6s k\u00e4tev\u00e4\u00e4, kun voi p\u00e4\u00e4tt\u00e4\u00e4 viestit yrityksen nimell\u00e4.<\/li>\n<\/ol>\n\n\n\n<div class=\"wp-block-columns is-layout-flex wp-container-core-columns-is-layout-28f84493 wp-block-columns-is-layout-flex\">\n<div class=\"wp-block-column is-layout-flow wp-block-column-is-layout-flow\" style=\"flex-basis:33.33%\">\n<p><\/p>\n\n\n\n<p>L\u00e4mm\u00f6ll\u00e4<br>&#8211; Niina<\/p>\n\n\n\n<p><\/p>\n<\/div>\n\n\n\n<div class=\"wp-block-column is-layout-flow wp-block-column-is-layout-flow\" style=\"flex-basis:66.66%\">\n<figure class=\"wp-block-image size-full is-resized\"><img loading=\"lazy\" decoding=\"async\" width=\"1000\" height=\"1000\" src=\"https:\/\/lammolla-niina.fi\/wp-content\/uploads\/2026\/04\/Nimeton-malli.png\" alt=\"\" class=\"wp-image-14\" style=\"width:285px;height:auto\" srcset=\"https:\/\/lammolla-niina.fi\/wp-content\/uploads\/2026\/04\/Nimeton-malli.png 1000w, https:\/\/lammolla-niina.fi\/wp-content\/uploads\/2026\/04\/Nimeton-malli-300x300.png 300w, https:\/\/lammolla-niina.fi\/wp-content\/uploads\/2026\/04\/Nimeton-malli-150x150.png 150w, https:\/\/lammolla-niina.fi\/wp-content\/uploads\/2026\/04\/Nimeton-malli-768x768.png 768w\" sizes=\"auto, (max-width: 1000px) 100vw, 1000px\" \/><\/figure>\n<\/div>\n<\/div>\n\n\n\n<p><\/p>\n","protected":false},"excerpt":{"rendered":"<p>Jokainen meist\u00e4 tarvitsee ja kaipaa toisen ihmisen turvallista ja arvostavaa kosketusta \u2013 ihan vauvasta vaariin. Ihmisten v\u00e4linen luonteva koskettaminen on viime vuosina kuitenkin v\u00e4hentynyt. Halaaminen, selk\u00e4\u00e4n taputtaminen tai jopa k\u00e4ttely voi nyky\u00e4\u00e4n tuntua vieraalta, joskus jopa pelottavalta. Tuntoaisti on ensimm\u00e4isi\u00e4 ja usein my\u00f6s viimeinen toiminnassa oleva aistimme, ja juuri se aisti, joka saa meid\u00e4n parhaiten [&hellip;]<\/p>\n","protected":false},"author":1,"featured_media":0,"parent":0,"menu_order":0,"comment_status":"closed","ping_status":"closed","template":"","meta":{"footnotes":""},"class_list":["post-9","page","type-page","status-publish","hentry"],"_links":{"self":[{"href":"https:\/\/lammolla-niina.fi\/index.php?rest_route=\/wp\/v2\/pages\/9","targetHints":{"allow":["GET"]}}],"collection":[{"href":"https:\/\/lammolla-niina.fi\/index.php?rest_route=\/wp\/v2\/pages"}],"about":[{"href":"https:\/\/lammolla-niina.fi\/index.php?rest_route=\/wp\/v2\/types\/page"}],"author":[{"embeddable":true,"href":"https:\/\/lammolla-niina.fi\/index.php?rest_route=\/wp\/v2\/users\/1"}],"replies":[{"embeddable":true,"href":"https:\/\/lammolla-niina.fi\/index.php?rest_route=%2Fwp%2Fv2%2Fcomments&post=9"}],"version-history":[{"count":16,"href":"https:\/\/lammolla-niina.fi\/index.php?rest_route=\/wp\/v2\/pages\/9\/revisions"}],"predecessor-version":[{"id":52,"href":"https:\/\/lammolla-niina.fi\/index.php?rest_route=\/wp\/v2\/pages\/9\/revisions\/52"}],"wp:attachment":[{"href":"https:\/\/lammolla-niina.fi\/index.php?rest_route=%2Fwp%2Fv2%2Fmedia&parent=9"}],"curies":[{"name":"wp","href":"https:\/\/api.w.org\/{rel}","templated":true}]}}